{"id":790,"date":"2020-11-21T23:49:22","date_gmt":"2020-11-21T22:49:22","guid":{"rendered":"http:\/\/seyssel74.com\/?page_id=790"},"modified":"2026-04-04T09:45:11","modified_gmt":"2026-04-04T07:45:11","slug":"sport","status":"publish","type":"page","link":"https:\/\/seyssel74.com\/index.php\/associations\/sport\/","title":{"rendered":"Sport"},"content":{"rendered":"\n<p class=\"has-small-font-size\"><a href=\"https:\/\/seyssel74.com\/\">\ud83c\udfe1<\/a> &gt;&nbsp;<a href=\"https:\/\/seyssel74.com\/index.php\/associations\/\">Associations<\/a> &gt;&nbsp;<a href=\"https:\/\/seyssel74.com\/index.php\/associations\/sport\/\">Sport<\/a><\/p>\n\n\n<div class=\"wp-block-image is-style-default\">\n<figure class=\"aligncenter size-large is-resized\"><img loading=\"lazy\" decoding=\"async\" width=\"1280\" height=\"853\" src=\"https:\/\/seyssel74.com\/wp-content\/uploads\/2021\/04\/associations-sport-seyssel.jpg\" alt=\"associations sport seyssel\" class=\"wp-image-1519\" style=\"width:320px;height:213px\" srcset=\"https:\/\/seyssel74.com\/wp-content\/uploads\/2021\/04\/associations-sport-seyssel.jpg 1280w, https:\/\/seyssel74.com\/wp-content\/uploads\/2021\/04\/associations-sport-seyssel-300x200.jpg 300w, https:\/\/seyssel74.com\/wp-content\/uploads\/2021\/04\/associations-sport-seyssel-768x512.jpg 768w\" sizes=\"auto, (max-width: 1280px) 100vw, 1280px\" \/><\/figure><\/div>\n\n\n<div class=\"wp-block-columns is-layout-flex wp-container-core-columns-is-layout-9d6595d7 wp-block-columns-is-layout-flex\">\n<div class=\"wp-block-column is-layout-flow wp-block-column-is-layout-flow\">\n<p class=\"has-text-align-center has-text-color\" style=\"color:#13aff0\">Amicale des boules des deux Seyssel<\/p>\n\n\n\n<p>Association sportive bouliste des deux Seyssel (p\u00e9tanque, boules)<\/p>\n\n\n\n<p>Pr\u00e9sident : M. Marcel DUINAT<br>\ud83d\udcde 06 26 81 64 66<br>\ud83d\udce7 boules-de-seyssel@hotmail.com<br><br><\/p>\n\n\n\n<p class=\"has-text-align-center has-text-color\" style=\"color:#13aff0\">Association sportive du Coll\u00e8ge<\/p>\n\n\n\n<p>Organisation et d\u00e9veloppement en prolongement de l&rsquo;\u00e9ducation physique et sportive donn\u00e9e pendant les heures de scolarit\u00e9<br><br>\ud83d\udcde 04 50 59 25 56<br>\ud83c\udf10 <a href=\"https:\/\/lemontdesprinces-seyssel.ent.auvergnerhonealpes.fr\/\">https:\/\/lemontdesprinces-seyssel.ent.auvergnerhonealpes.fr<\/a><\/p>\n\n\n\n<p class=\"has-text-align-center has-text-color\" style=\"color:#13aff0\">Dans&#8217;emble<\/p>\n\n\n\n<p>Cours de danse<\/p>\n\n\n\n<p>Pr\u00e9sident : M. St\u00e9phane BARON <br>\ud83d\udcde 07 77 97 55 43<br>\ud83d\udce7  assodansemble@gmail.com<br><\/p>\n\n\n\n<p class=\"has-text-align-center has-text-color\" style=\"color:#13aff0\"><br>Haut-Rh\u00f4ne N&rsquo;Rollers<\/p>\n\n\n\n<p>Club de Roller loisir et vitesse.<\/p>\n\n\n\n<p>Pr\u00e9sident : M. Julien BOISSIERE <br>\ud83d\udce7 organisation@rollathlon100.com<br>\ud83c\udf10 <a href=\"https:\/\/www.facebook.com\/TeamdesMargouillats\/\">www.facebook.com\/TeamdesMargouillats<\/a><\/p>\n\n\n\n<p class=\"has-text-align-center has-text-color\" style=\"color:#13aff0\">ProLynx Sports<\/p>\n\n\n\n<p>Des activit\u00e9s sportives de plein air accessibles \u00e0 tous<br>\ud83d\udcde 06 50 58 70 24<br>\ud83c\udf10 <a href=\"https:\/\/www.prolynx-sports.com\/\">https:\/\/www.prolynx-sports.com\/<\/a><\/p>\n\n\n\n<p class=\"has-text-align-center has-text-color\" style=\"color:#13aff0\"><br><br>Seyssel sur Rh\u00f4ne Basket<\/p>\n\n\n\n<p>Cours de basket<\/p>\n\n\n\n<p><br>Pr\u00e9sidents : M. Alexis ZIMMER &amp; Mme Mariette JEANTET<br>\ud83d\udce7 ssrb.basket@gmail.com<br>\ud83c\udf10 <a href=\"http:\/\/www.facebook.com\/Seyssel-sur-Rh%C3%B4ne-Basket-506978722835245\">www.facebook.com\/Seyssel-sur-Rh%C3%B4ne-Basket-506978722835245<\/a><\/p>\n\n\n\n<p><\/p>\n\n\n\n<p class=\"has-text-align-center has-text-color\" style=\"color:#13aff0\"><br>A\u00e9ronautique de Corbonod<\/p>\n\n\n\n<p>A\u00e9rodrome Seyssel-Corbonod<\/p>\n\n\n\n<p>Pr\u00e9sident : M. Claude DUNOYER<br>\ud83d\udcde 06 07 38 20 15<\/p>\n<\/div>\n\n\n\n<div class=\"wp-block-column is-layout-flow wp-block-column-is-layout-flow\">\n<p class=\"has-text-align-center has-text-color\" style=\"color:#13aff0\">ANIABA danse africaine<\/p>\n\n\n\n<p>D\u00e9couverte de musique et culture africaine; cours et stages<\/p>\n\n\n\n<p>Pr\u00e9sidente : Mme Marie-Agn\u00e8s CAMARA<br> \ud83d\udce7  seiller.agnes@yahoo.fr<br><br><\/p>\n\n\n\n<p class=\"has-text-align-center has-text-color\" style=\"color:#13aff0\">Austin\u2019s Country<\/p>\n\n\n\n<p>Cours de danse, l\u2019organisation de manifestations, d\u2019apr\u00e8s-midis, de soir\u00e9es dansantes, de concerts et de d\u00e9monstrations<\/p>\n\n\n\n<p>Pr\u00e9sidente : Mme Martine BRUNET<br>\ud83d\udcde 06 10 65 87 15<br>\ud83c\udf10&nbsp;<a href=\"https:\/\/austinscountry.jimdofree.com\/\">https:\/\/austinscountry.jimdofree.com<\/a><\/p>\n\n\n\n<p class=\"has-text-align-center has-text-color\" style=\"color:#13aff0\">Football Club du Haut-Rh\u00f4ne<\/p>\n\n\n\n<p>Cours de football<\/p>\n\n\n\n<p>Pr\u00e9sidents : M. Lionel BRILLAT &amp; M. Eric GOISLARD <br>\ud83d\udcde 06 69 92 45 97<br> \ud83d\udce7 590335@laurafoot.net<br>\ud83c\udf10 <a href=\"https:\/\/www.facebook.com\/Football-club-du-Haut-Rh%C3%B4ne-160689930611204\">www.facebook.com\/Football-club-du-Haut-Rh%C3%B4ne-160689930611204<\/a><\/p>\n\n\n\n<p class=\"has-text-align-center has-text-color\" style=\"color:#13aff0\">Judo<\/p>\n\n\n\n<p>Le d\u00e9veloppement du Judo <\/p>\n\n\n\n<p>Pr\u00e9sidente : Mme Virginie PERRILLAT<br> \ud83d\udce7 asjudopaysdesavoie@gmail.com<br>\ud83c\udf10 <a href=\"https:\/\/www.asjudopaysdesavoie.fr\/\">www.asjudopaysdesavoie.fr<\/a><\/p>\n\n\n\n<p class=\"has-text-align-center has-text-color\" style=\"color:#13aff0\">Semeia-Capoeira<\/p>\n\n\n\n<p>Cours de capoeira<\/p>\n\n\n\n<p>Pr\u00e9sident : M. Alcione PEREIRA-SILVA<br>\ud83d\udcde 07 86 62 30 78<br>\ud83d\udce7 semeiacapoeirapara@gmail.com<br>\ud83c\udf10 <a href=\"https:\/\/www.facebook.com\/SemeiaCapoeira\">www.facebook.com\/SemeiaCapoeira<\/a><\/p>\n\n\n\n<p class=\"has-text-align-center has-text-color\" style=\"color:#13aff0\"><br><br>Ski club Seysselan<\/p>\n\n\n\n<p>Des sorties en groupe ; cours de ski ; louer du mat\u00e9riel de ski <\/p>\n\n\n\n<p>Pr\u00e9sident : M. Justin PERNOUD <br>\ud83d\udcde 04 50 48 63 69<br>\ud83d\udce7 ski-club-seysselan@wanadoo.fr<br>\ud83c\udf10 <a href=\"http:\/\/www.skiseyssel.fr\/\">www.skiseyssel.fr<\/a><\/p>\n\n\n\n<p class=\"has-text-align-center has-text-color\" style=\"color:#13aff0\"><br>Union cycliste Seyssel-Frangy<\/p>\n\n\n\n<p>L\u2019\u00e9cole de cyclisme<\/p>\n\n\n\n<p>Pr\u00e9sidente : Mme Karine VULLIET<br>\ud83d\udce7 kvulliet@botanic.com<\/p>\n\n\n\n<p><\/p>\n<\/div>\n\n\n\n<div class=\"wp-block-column is-layout-flow wp-block-column-is-layout-flow\">\n<p class=\"has-text-align-center has-text-color\" style=\"color:#13aff0\">ASA du Mont des Princes<\/p>\n\n\n\n<p>Promotion, organisation et d\u00e9veloppement de la pratique du sport automobile<\/p>\n\n\n\n<p>Pr\u00e9sident : M. Gilles PILLOUX<br> \ud83d\udce7 secretaire@asamontdesprinces.fr<br>\ud83c\udf10 <a href=\"https:\/\/rallyedupaysdeseyssel.fr\/\">https:\/\/rallyedupaysdeseyssel.fr<\/a><\/p>\n\n\n\n<p class=\"has-text-align-center has-text-color\" style=\"color:#13aff0\">Club Alpin de Seyssel<\/p>\n\n\n\n<p>S\u00e9ances escalade en salle et sorties en falaises<br>Pas de cours pour les enfants<\/p>\n\n\n\n<p>Pr\u00e9sident : M. Philippe FRIOUD <br>\ud83d\udce7 clubalpindeseyssel@gmail.com<br>\ud83c\udf10 <a href=\"https:\/\/www.facebook.com\/Club-Alpin-de-Seyssel-Escalade-Via-Ferrata-randonn%C3%A9es-494407627734733\/\">www.facebook.com\/Club-Alpin-de-Seyssel-Escalade-Via-Ferrata-randonn%C3%A9es-494407627734733<\/a><\/p>\n\n\n\n<p class=\"has-text-align-center has-text-color\" style=\"color:#13aff0\">Handball (\u00e0 relancer)<\/p>\n\n\n\n<p>Cours de handball<\/p>\n\n\n\n<p>Pr\u00e9sident : <em>vacance de poste<\/em><br>\ud83c\udf10<br>\ud83d\udcde <\/p>\n\n\n\n<p class=\"has-text-align-center has-text-color\" style=\"color:#13aff0\"><br>Les Allobroges Goshindo<\/p>\n\n\n\n<p>Cours de goshindo<\/p>\n\n\n\n<p>Pr\u00e9sident : M. Fabrice MONANGE <br>\ud83d\udcde 06 72 79 89 64<br>\ud83c\udf10 <a href=\"https:\/\/lesallobrogesgoshindo.fr\/\">https:\/\/lesallobrogesgoshindo.fr\/<\/a><\/p>\n\n\n\n<p class=\"has-text-align-center has-text-color\" style=\"color:#13aff0\">Seyssel Court Pour Offrir<\/p>\n\n\n\n<p>Organisation annuellement d&rsquo;un trail et d&rsquo;une randonn\u00e9e p\u00e9destre<\/p>\n\n\n\n<p>Pr\u00e9sident : M. Raphael RODRIGUEZ<br>\ud83d\udce7 seysselcourtpouroffrir74@gmail.com<br>\ud83c\udf10 <a href=\"https:\/\/www.facebook.com\/Les-Princes-en-Foul%C3%A9es-Seyssel-Court-pour-Offrir-147444978762395\/\">www.facebook.com\/Les-Princes-en-Foul%C3%A9es-Seyssel-Court-pour-Offrir-147444978762395<\/a><\/p>\n\n\n\n<p class=\"has-text-align-center has-text-color\" style=\"color:#13aff0\">Tennis Club Seyssel-Corbonod<\/p>\n\n\n\n<p>Harmonisation tournois<\/p>\n\n\n\n<p>Pr\u00e9sident : M. Fran\u00e7ois FOSCHIA<br>\ud83d\udce7 tcseysselcorbonod@gmail.com<br>\ud83c\udf10 <a href=\"https:\/\/www.tennis-club-seyssel-corbonod.com\/\">https:\/\/www.tennis-club-seyssel-corbonod.com\/<\/a><br><\/p>\n\n\n\n<p class=\"has-text-align-center has-text-color\" style=\"color:#13aff0\">L&rsquo;Ordre de l&rsquo;Aigle d&rsquo;Argent<\/p>\n\n\n\n<p>La recherche, l\u2019\u00e9tude, la pratique des Arts Martiaux<br>Historiques Europ\u00e9ens (AMHE)<\/p>\n\n\n\n<p>Pr\u00e9sident : M. Marc GERBAUDO<br>\ud83d\udce7 ordredelaigle@gmail.com<\/p>\n<\/div>\n<\/div>\n\n\n\n<p class=\"has-text-align-center\"><strong>B\u00e2timents et \u00e9quipements sportifs sur la commune<\/strong><\/p>\n\n\n\n<div class=\"wp-block-columns is-layout-flex wp-container-core-columns-is-layout-9d6595d7 wp-block-columns-is-layout-flex\">\n<div class=\"wp-block-column is-layout-flow wp-block-column-is-layout-flow\">\n<p class=\"has-text-align-center\"><strong>Dojo<\/strong><\/p>\n\n\n\n<p class=\"has-small-font-size\">Le Dojo est principalement utilis\u00e9 par les \u00e9coles\/coll\u00e8ge, et les associations d&rsquo;arts martiaux : le goshindo et le judo<\/p>\n\n\n\n<p class=\"has-text-align-left has-small-font-size\"><strong>L&rsquo;adresse<\/strong> : 14 rue du Mont des Princes, 74910 Seyssel<br>\ud83d\udcde 04 50 59 27 67<br>\ud83d\udce7 administration@seyssel74.fr<\/p>\n<\/div>\n\n\n\n<div class=\"wp-block-column is-layout-flow wp-block-column-is-layout-flow\">\n<p class=\"has-text-align-center\"><strong>Gymnase du Mont des Princes<\/strong><\/p>\n\n\n\n<p class=\"has-small-font-size\">Le &lsquo;Grand Gymnase&rsquo; est exploit\u00e9 par le coll\u00e8ge pendant les horaires scolaires. Une douzaine d&rsquo;associations en b\u00e9n\u00e9ficient \u00e9galement sur les autres cr\u00e9neaux.<br>Une r\u00e9union annuelle organis\u00e9e par la municipalit\u00e9 permet de d\u00e9finir le planning avec tous les interlocuteurs et pratiquants.<\/p>\n\n\n\n<p class=\"has-text-align-left has-small-font-size\"><strong>L&rsquo;adresse<\/strong> : 21 rue des Oudets, 74910 Seyssel<br>\ud83d\udcde 04 50 56 16 97<br>\ud83d\udce7 administration@seyssel74.fr<\/p>\n<\/div>\n\n\n\n<div class=\"wp-block-column is-layout-flow wp-block-column-is-layout-flow\">\n<p class=\"has-text-align-center\"><strong>Gymnase Gilbert Berchet<\/strong><\/p>\n\n\n\n<p class=\"has-small-font-size\">Le &lsquo;Petit Gymnase&rsquo; est majoritairement d\u00e9di\u00e9 aux \u00e9coles. <br>Une petite salle est disponible \u00e0 l&rsquo;\u00e9tage.<\/p>\n\n\n\n<p class=\"has-text-align-left has-small-font-size\"><strong>L&rsquo;adresse<\/strong> : rue Fran\u00e7ois Doche, 74910 Seyssel<br>\ud83d\udcde 04 50 59 27 67<br>\ud83d\udce7 administration@seyssel74.fr<\/p>\n<\/div>\n<\/div>\n\n\n\n<div class=\"wp-block-columns is-layout-flex wp-container-core-columns-is-layout-9d6595d7 wp-block-columns-is-layout-flex\">\n<div class=\"wp-block-column is-layout-flow wp-block-column-is-layout-flow\">\n<p class=\"has-text-align-center\"><strong>Plateau d&rsquo;\u00e9volution<\/strong><\/p>\n\n\n\n<figure class=\"wp-block-embed is-type-video is-provider-youtube wp-block-embed-youtube wp-embed-aspect-16-9 wp-has-aspect-ratio\"><div class=\"wp-block-embed__wrapper\">\n<p class=\"responsive-video-wrap clr\"><iframe loading=\"lazy\" title=\"Nouveau Plateau d&#039;\u00e9volution sportif de Seyssel Haute-Savoie - \u00a9vid\u00e9o La Fabrique du Sport - 2021\" width=\"1200\" height=\"675\" src=\"https:\/\/www.youtube.com\/embed\/pGOs5wfImW8?feature=oembed\" frameborder=\"0\" allow=\"accelerometer; autoplay; clipboard-write; encrypted-media; gyroscope; picture-in-picture; web-share\" referrerpolicy=\"strict-origin-when-cross-origin\" allowfullscreen><\/iframe><\/p>\n<\/div><figcaption class=\"wp-element-caption\">Plateau d&rsquo;\u00e9volution sportif de Seyssel Haute-Savoie &#8211; \u00a9vid\u00e9o La Fabrique du Sport 2021<\/figcaption><\/figure>\n<\/div>\n\n\n\n<div class=\"wp-block-column is-layout-flow wp-block-column-is-layout-flow\">\n<p class=\"has-text-align-center\"><strong>Skatepark<\/strong><\/p>\n\n\n<div class=\"wp-block-image\">\n<figure class=\"aligncenter size-large\"><img loading=\"lazy\" decoding=\"async\" width=\"2234\" height=\"1024\" src=\"https:\/\/seyssel74.com\/wp-content\/uploads\/2021\/10\/Skatepark-Seyssel-2234x1024.jpg\" alt=\"Skatepark Seyssel\" class=\"wp-image-6619\" srcset=\"https:\/\/seyssel74.com\/wp-content\/uploads\/2021\/10\/Skatepark-Seyssel-2234x1024.jpg 2234w, https:\/\/seyssel74.com\/wp-content\/uploads\/2021\/10\/Skatepark-Seyssel-300x138.jpg 300w, https:\/\/seyssel74.com\/wp-content\/uploads\/2021\/10\/Skatepark-Seyssel-768x352.jpg 768w, https:\/\/seyssel74.com\/wp-content\/uploads\/2021\/10\/Skatepark-Seyssel-1536x704.jpg 1536w, https:\/\/seyssel74.com\/wp-content\/uploads\/2021\/10\/Skatepark-Seyssel-2048x939.jpg 2048w\" sizes=\"auto, (max-width: 2234px) 100vw, 2234px\" \/><\/figure><\/div>\n\n\n<p class=\"has-small-font-size\">Au croisement entre la Rue des Pr\u00e9s Dombet et la Rue de Montauban<\/p>\n<\/div>\n\n\n\n<div class=\"wp-block-column is-layout-flow wp-block-column-is-layout-flow\">\n<p class=\"has-text-align-center\"><strong>Stade de Football du Fier<\/strong><\/p>\n\n\n\n<figure class=\"wp-block-image size-full is-resized\"><img loading=\"lazy\" decoding=\"async\" width=\"960\" height=\"720\" src=\"https:\/\/seyssel74.com\/wp-content\/uploads\/2021\/12\/stade_fier_seyssel_foot.jpg\" alt=\"\" class=\"wp-image-7335\" style=\"width:282px;height:211px\" srcset=\"https:\/\/seyssel74.com\/wp-content\/uploads\/2021\/12\/stade_fier_seyssel_foot.jpg 960w, https:\/\/seyssel74.com\/wp-content\/uploads\/2021\/12\/stade_fier_seyssel_foot-300x225.jpg 300w, https:\/\/seyssel74.com\/wp-content\/uploads\/2021\/12\/stade_fier_seyssel_foot-768x576.jpg 768w\" sizes=\"auto, (max-width: 960px) 100vw, 960px\" \/><figcaption class=\"wp-element-caption\">Route de Chautagne, Le Fier, 74910 Seyssel<\/figcaption><\/figure>\n<\/div>\n<\/div>\n\n\n\n<div class=\"wp-block-columns is-layout-flex wp-container-core-columns-is-layout-9d6595d7 wp-block-columns-is-layout-flex\">\n<div class=\"wp-block-column is-layout-flow wp-block-column-is-layout-flow\">\n<p class=\"has-text-align-center\"><strong>Espace Multisports <\/strong><br><strong>City stade<\/strong><\/p>\n\n\n\n<figure class=\"wp-block-image size-full\"><img loading=\"lazy\" decoding=\"async\" width=\"1067\" height=\"600\" src=\"https:\/\/seyssel74.com\/wp-content\/uploads\/2025\/03\/vue-aerienne-Terrain-Multisports-Seyssel-mars-2025-FZ.jpg\" alt=\"\" class=\"wp-image-19431\" srcset=\"https:\/\/seyssel74.com\/wp-content\/uploads\/2025\/03\/vue-aerienne-Terrain-Multisports-Seyssel-mars-2025-FZ.jpg 1067w, https:\/\/seyssel74.com\/wp-content\/uploads\/2025\/03\/vue-aerienne-Terrain-Multisports-Seyssel-mars-2025-FZ-300x169.jpg 300w, https:\/\/seyssel74.com\/wp-content\/uploads\/2025\/03\/vue-aerienne-Terrain-Multisports-Seyssel-mars-2025-FZ-768x432.jpg 768w, https:\/\/seyssel74.com\/wp-content\/uploads\/2025\/03\/vue-aerienne-Terrain-Multisports-Seyssel-mars-2025-FZ-800x450.jpg 800w\" sizes=\"auto, (max-width: 1067px) 100vw, 1067px\" \/><\/figure>\n<\/div>\n\n\n\n<div class=\"wp-block-column is-layout-flow wp-block-column-is-layout-flow\">\n<p class=\"has-text-align-center\"><strong>ViaRh\u00f4na<\/strong><\/p>\n\n\n\n<figure class=\"wp-block-image size-large is-resized\"><img loading=\"lazy\" decoding=\"async\" width=\"1536\" height=\"1024\" src=\"https:\/\/seyssel74.com\/wp-content\/uploads\/2021\/12\/ViaRhona_Seyssel-1536x1024.jpg\" alt=\"\" class=\"wp-image-7338\" style=\"width:331px;height:221px\" srcset=\"https:\/\/seyssel74.com\/wp-content\/uploads\/2021\/12\/ViaRhona_Seyssel-1536x1024.jpg 1536w, https:\/\/seyssel74.com\/wp-content\/uploads\/2021\/12\/ViaRhona_Seyssel-300x200.jpg 300w, https:\/\/seyssel74.com\/wp-content\/uploads\/2021\/12\/ViaRhona_Seyssel-768x512.jpg 768w, https:\/\/seyssel74.com\/wp-content\/uploads\/2021\/12\/ViaRhona_Seyssel.jpg 2048w\" sizes=\"auto, (max-width: 1536px) 100vw, 1536px\" \/><figcaption class=\"wp-element-caption\">\u00a9T. Prud&rsquo;homme- ViaRh\u00f4na<\/figcaption><\/figure>\n\n\n\n<p class=\"has-small-font-size\">Promenade d\u00e9tente ou sportive le long du bord du Rh\u00f4ne, \u00e0 pied, en v\u00e9lo, en roller, en ski \u00e0 roulettes<\/p>\n<\/div>\n\n\n\n<div class=\"wp-block-column is-layout-flow wp-block-column-is-layout-flow\">\n<p class=\"has-text-align-center\"><strong>Aire de jeux<\/strong><\/p>\n\n\n<div class=\"wp-block-image\">\n<figure class=\"aligncenter size-large\"><img loading=\"lazy\" decoding=\"async\" width=\"1820\" height=\"1024\" src=\"https:\/\/seyssel74.com\/wp-content\/uploads\/2021\/10\/Aire-de-jeux-1820x1024.jpg\" alt=\"Aire de jeux Seyssel\" class=\"wp-image-6674\" srcset=\"https:\/\/seyssel74.com\/wp-content\/uploads\/2021\/10\/Aire-de-jeux-1820x1024.jpg 1820w, https:\/\/seyssel74.com\/wp-content\/uploads\/2021\/10\/Aire-de-jeux-300x169.jpg 300w, https:\/\/seyssel74.com\/wp-content\/uploads\/2021\/10\/Aire-de-jeux-768x432.jpg 768w, https:\/\/seyssel74.com\/wp-content\/uploads\/2021\/10\/Aire-de-jeux-1536x864.jpg 1536w, https:\/\/seyssel74.com\/wp-content\/uploads\/2021\/10\/Aire-de-jeux-2048x1152.jpg 2048w\" sizes=\"auto, (max-width: 1820px) 100vw, 1820px\" \/><\/figure><\/div><\/div>\n<\/div>\n\n\n\n<p>La commune de Seyssel g\u00e8re \u00e9galement tous les autres locaux, box de stockage, pr\u00e9fabriqu\u00e9s, Alg\u00e9co, allou\u00e9s aux associations. <\/p>\n","protected":false},"excerpt":{"rendered":"<p>\ud83c\udfe1 &gt;&nbsp;Associations &gt;&nbsp;Sport Amicale des boules des deux Seyssel Association sportive bouliste des deux Seyssel (p\u00e9tanque, boules) Pr\u00e9sident : M. Marcel DUINAT\ud83d\udcde 06 26 81 64 66\ud83d\udce7 boules-de-seyssel@hotmail.com Association sportive du Coll\u00e8ge Organisation et d\u00e9veloppement en prolongement de l&rsquo;\u00e9ducation physique et sportive donn\u00e9e pendant les heures de scolarit\u00e9 \ud83d\udcde 04 50 59 25 56\ud83c\udf10 https:\/\/lemontdesprinces-seyssel.ent.auvergnerhonealpes.fr [&hellip;]<\/p>\n","protected":false},"author":1,"featured_media":0,"parent":637,"menu_order":2,"comment_status":"closed","ping_status":"closed","template":"","meta":{"ocean_post_layout":"","ocean_both_sidebars_style":"","ocean_both_sidebars_content_width":0,"ocean_both_sidebars_sidebars_width":0,"ocean_sidebar":"0","ocean_second_sidebar":"0","ocean_disable_margins":"enable","ocean_add_body_class":"","ocean_shortcode_before_top_bar":"","ocean_shortcode_after_top_bar":"","ocean_shortcode_before_header":"","ocean_shortcode_after_header":"","ocean_has_shortcode":"","ocean_shortcode_after_title":"","ocean_shortcode_before_footer_widgets":"","ocean_shortcode_after_footer_widgets":"","ocean_shortcode_before_footer_bottom":"","ocean_shortcode_after_footer_bottom":"","ocean_display_top_bar":"default","ocean_display_header":"default","ocean_header_style":"","ocean_center_header_left_menu":"0","ocean_custom_header_template":"0","ocean_custom_logo":0,"ocean_custom_retina_logo":0,"ocean_custom_logo_max_width":0,"ocean_custom_logo_tablet_max_width":0,"ocean_custom_logo_mobile_max_width":0,"ocean_custom_logo_max_height":0,"ocean_custom_logo_tablet_max_height":0,"ocean_custom_logo_mobile_max_height":0,"ocean_header_custom_menu":"0","ocean_menu_typo_font_family":"0","ocean_menu_typo_font_subset":"","ocean_menu_typo_font_size":0,"ocean_menu_typo_font_size_tablet":0,"ocean_menu_typo_font_size_mobile":0,"ocean_menu_typo_font_size_unit":"px","ocean_menu_typo_font_weight":"","ocean_menu_typo_font_weight_tablet":"","ocean_menu_typo_font_weight_mobile":"","ocean_menu_typo_transform":"","ocean_menu_typo_transform_tablet":"","ocean_menu_typo_transform_mobile":"","ocean_menu_typo_line_height":0,"ocean_menu_typo_line_height_tablet":0,"ocean_menu_typo_line_height_mobile":0,"ocean_menu_typo_line_height_unit":"","ocean_menu_typo_spacing":0,"ocean_menu_typo_spacing_tablet":0,"ocean_menu_typo_spacing_mobile":0,"ocean_menu_typo_spacing_unit":"","ocean_menu_link_color":"","ocean_menu_link_color_hover":"","ocean_menu_link_color_active":"","ocean_menu_link_background":"","ocean_menu_link_hover_background":"","ocean_menu_link_active_background":"","ocean_menu_social_links_bg":"","ocean_menu_social_hover_links_bg":"","ocean_menu_social_links_color":"","ocean_menu_social_hover_links_color":"","ocean_disable_title":"default","ocean_disable_heading":"default","ocean_post_title":"","ocean_post_subheading":"","ocean_post_title_style":"","ocean_post_title_background_color":"","ocean_post_title_background":0,"ocean_post_title_bg_image_position":"","ocean_post_title_bg_image_attachment":"","ocean_post_title_bg_image_repeat":"","ocean_post_title_bg_image_size":"","ocean_post_title_height":0,"ocean_post_title_bg_overlay":0.5,"ocean_post_title_bg_overlay_color":"","ocean_disable_breadcrumbs":"default","ocean_breadcrumbs_color":"","ocean_breadcrumbs_separator_color":"","ocean_breadcrumbs_links_color":"","ocean_breadcrumbs_links_hover_color":"","ocean_display_footer_widgets":"default","ocean_display_footer_bottom":"default","ocean_custom_footer_template":"0","ofc_meta_disable_footer_callout":"","ofc_meta_callout_button_url":"","ofc_meta_callout_button_txt":"","ofc_meta_callout_text":"","ofc_enable_fullscreen":"disable","ofc_fullscreen_speed":0,"ofc_fullscreen_nav":"enable","ofc_fullscreen_nav_pos":"right","ofc_fullscreen_nav_color":"","ofc_fullscreen_nav_tooltip_color":"","ofc_fullscreen_responsive":0,"osp_disable_panel":"default","osh_disable_topbar_sticky":"default","osh_disable_header_sticky":"default","osh_sticky_header_style":"default","osh_sticky_header_effect":"","osh_custom_sticky_logo":0,"osh_custom_retina_sticky_logo":0,"osh_custom_sticky_logo_height":0,"osh_background_color":"","osh_links_color":"","osh_links_hover_color":"","osh_links_active_color":"","osh_links_bg_color":"","osh_links_hover_bg_color":"","osh_links_active_bg_color":"","osh_menu_social_links_color":"","osh_menu_social_hover_links_color":"","footnotes":""},"class_list":["post-790","page","type-page","status-publish","hentry","entry"],"_links":{"self":[{"href":"https:\/\/seyssel74.com\/index.php\/wp-json\/wp\/v2\/pages\/790","targetHints":{"allow":["GET"]}}],"collection":[{"href":"https:\/\/seyssel74.com\/index.php\/wp-json\/wp\/v2\/pages"}],"about":[{"href":"https:\/\/seyssel74.com\/index.php\/wp-json\/wp\/v2\/types\/page"}],"author":[{"embeddable":true,"href":"https:\/\/seyssel74.com\/index.php\/wp-json\/wp\/v2\/users\/1"}],"replies":[{"embeddable":true,"href":"https:\/\/seyssel74.com\/index.php\/wp-json\/wp\/v2\/comments?post=790"}],"version-history":[{"count":166,"href":"https:\/\/seyssel74.com\/index.php\/wp-json\/wp\/v2\/pages\/790\/revisions"}],"predecessor-version":[{"id":24161,"href":"https:\/\/seyssel74.com\/index.php\/wp-json\/wp\/v2\/pages\/790\/revisions\/24161"}],"up":[{"embeddable":true,"href":"https:\/\/seyssel74.com\/index.php\/wp-json\/wp\/v2\/pages\/637"}],"wp:attachment":[{"href":"https:\/\/seyssel74.com\/index.php\/wp-json\/wp\/v2\/media?parent=790"}],"curies":[{"name":"wp","href":"https:\/\/api.w.org\/{rel}","templated":true}]}}