{"id":1394,"date":"2021-04-16T14:23:35","date_gmt":"2021-04-16T12:23:35","guid":{"rendered":"http:\/\/seyssel74.com\/?page_id=1394"},"modified":"2024-05-25T00:40:13","modified_gmt":"2024-05-24T22:40:13","slug":"animaux","status":"publish","type":"page","link":"https:\/\/seyssel74.com\/index.php\/administration\/animaux\/","title":{"rendered":"Animaux"},"content":{"rendered":"\n<p class=\"has-small-font-size\"><a href=\"https:\/\/seyssel74.com\/\">\ud83c\udfe1<\/a> &gt;&nbsp;<a href=\"https:\/\/seyssel74.com\/index.php\/administration\/\">Administration<\/a> &gt; <a href=\"https:\/\/seyssel74.com\/index.php\/administration\/animaux\/\">Animaux<\/a><\/p>\n\n\n<div class=\"wp-block-image is-style-default\">\n<figure class=\"aligncenter size-large is-resized\"><a href=\"https:\/\/www.i-cad.fr\/\"><img loading=\"lazy\" decoding=\"async\" width=\"582\" height=\"125\" src=\"https:\/\/seyssel74.com\/wp-content\/uploads\/2021\/06\/logo-i-cad.png\" alt=\"\" class=\"wp-image-5604\" style=\"width:291px;height:63px\" srcset=\"https:\/\/seyssel74.com\/wp-content\/uploads\/2021\/06\/logo-i-cad.png 582w, https:\/\/seyssel74.com\/wp-content\/uploads\/2021\/06\/logo-i-cad-300x64.png 300w\" sizes=\"auto, (max-width: 582px) 100vw, 582px\" \/><\/a><\/figure><\/div>\n\n\n<p class=\"has-text-align-center\"><strong>I-CAD<\/strong><\/p>\n\n\n\n<p>Sous d\u00e9l\u00e9gation du Minist\u00e8re de l&rsquo;Agriculture et de l&rsquo;Alimentation, la soci\u00e9t\u00e9 I-CAD a pour mission la gestion du Fichier National d&rsquo;Identification des Carnivores Domestiques en France.<br>Cr\u00e9\u00e9e en 2012, la soci\u00e9t\u00e9 I-CAD est co-dirig\u00e9e par la Soci\u00e9t\u00e9 Centrale Canine (SCC) et le Syndicat National des V\u00e9t\u00e9rinaires d&rsquo;Exercice Lib\u00e9ral (SNVEL).<\/p>\n\n\n\n<p class=\"has-text-align-center\"><strong>L&rsquo;identification est une d\u00e9marche aussi utile qu&rsquo;obligatoire, qui contribue \u00e0 la protection animale.<\/strong><\/p>\n\n\n\n<p>Veuillez trouver les informations sur :<br>&#8211; achat, adaptation un animal ;<br>&#8211; c\u00e9der un animal en tant que particulier ; <br>&#8211; les d\u00e9marches dans le cas d&rsquo;un vol , perte ou d\u00e9c\u00e8s un animal ;<br>&#8211; voyage avec des animaux ;<br>&#8211; les d\u00e9marches dans le cas de morsure pour d\u00e9tenteur d&rsquo;un animal et  pour la victime<br>ici :<\/p>\n\n\n\n<p class=\"has-black-color has-text-color has-normal-font-size\">\ud83d\udcde 09 77 40 30 77 (appel non surtax\u00e9)<br>\ud83c\udf10 <a rel=\"noreferrer noopener\" href=\"https:\/\/www.i-cad.fr\/\" target=\"_blank\">www.i-cad.fr<\/a><br><a rel=\"noreferrer noopener\" href=\"https:\/\/www.facebook.com\/IdentificationCarnivoresDomestiques\/\" target=\"_blank\">www.facebook.com\/IdentificationCarnivoresDomestiques<\/a><\/p>\n\n\n\n<p class=\"has-text-align-center\"> <strong>La fondation<\/strong> <strong>30 Millions d\u2019Amis <\/strong><\/p>\n\n\n<div class=\"wp-block-image\">\n<figure class=\"aligncenter size-full is-resized\"><a href=\"https:\/\/www.30millionsdamis.fr\/\"><img loading=\"lazy\" decoding=\"async\" width=\"220\" height=\"310\" src=\"https:\/\/seyssel74.com\/wp-content\/uploads\/2022\/01\/logo-30-millions-damis.png\" alt=\"\" class=\"wp-image-7467\" style=\"width:110px;height:155px\" srcset=\"https:\/\/seyssel74.com\/wp-content\/uploads\/2022\/01\/logo-30-millions-damis.png 220w, https:\/\/seyssel74.com\/wp-content\/uploads\/2022\/01\/logo-30-millions-damis-213x300.png 213w\" sizes=\"auto, (max-width: 220px) 100vw, 220px\" \/><\/a><\/figure><\/div>\n\n\n<p>La municipalit\u00e9 de SEYSSEL s\u2019est rapproch\u00e9e de la Fondation 30 Millions d\u2019Amis en raison de son expertise reconnue et de son savoir-faire en mati\u00e8re de r\u00e9gulation et de gestion des populations de chats libres.<\/p>\n\n\n<div class=\"wp-block-image\">\n<figure class=\"aligncenter size-large is-resized\"><img loading=\"lazy\" decoding=\"async\" width=\"723\" height=\"1024\" src=\"https:\/\/seyssel74.com\/wp-content\/uploads\/2022\/01\/Affiche-mairie-chat-723x1024.jpg\" alt=\"\" class=\"wp-image-7471\" style=\"width:362px;height:512px\" srcset=\"https:\/\/seyssel74.com\/wp-content\/uploads\/2022\/01\/Affiche-mairie-chat-723x1024.jpg 723w, https:\/\/seyssel74.com\/wp-content\/uploads\/2022\/01\/Affiche-mairie-chat-212x300.jpg 212w, https:\/\/seyssel74.com\/wp-content\/uploads\/2022\/01\/Affiche-mairie-chat-768x1088.jpg 768w, https:\/\/seyssel74.com\/wp-content\/uploads\/2022\/01\/Affiche-mairie-chat-1084x1536.jpg 1084w, https:\/\/seyssel74.com\/wp-content\/uploads\/2022\/01\/Affiche-mairie-chat-1445x2048.jpg 1445w, https:\/\/seyssel74.com\/wp-content\/uploads\/2022\/01\/Affiche-mairie-chat.jpg 1755w\" sizes=\"auto, (max-width: 723px) 100vw, 723px\" \/><\/figure><\/div>\n\n\n<p> \ud83c\udf10 <a href=\"http:\/\/www.30millionsdamis.fr\">www.30millionsdamis.fr<\/a><\/p>\n\n\n\n<p class=\"has-text-align-center\"><strong>NB.<\/strong> <strong>Que change la loi du 30 novembre 2021 sur la maltraitance animale pour les collectivit\u00e9s<\/strong><\/p>\n\n\n\n<div data-wp-interactive=\"core\/file\" class=\"wp-block-file\"><object data-wp-bind--hidden=\"!state.hasPdfPreview\" hidden class=\"wp-block-file__embed\" data=\"https:\/\/seyssel74.com\/wp-content\/uploads\/2022\/01\/loi-maltraitance-animale.pdf\" type=\"application\/pdf\" style=\"width:100%;height:600px\" aria-label=\"Contenu embarqu\u00e9 loi maltraitance animale.\"><\/object><a id=\"wp-block-file--media-0286bf7d-906f-462f-8866-769787f9f5a7\" href=\"https:\/\/seyssel74.com\/wp-content\/uploads\/2022\/01\/loi-maltraitance-animale.pdf\">loi maltraitance animale<\/a><a href=\"https:\/\/seyssel74.com\/wp-content\/uploads\/2022\/01\/loi-maltraitance-animale.pdf\" class=\"wp-block-file__button wp-element-button\" download aria-describedby=\"wp-block-file--media-0286bf7d-906f-462f-8866-769787f9f5a7\">T\u00e9l\u00e9charger<\/a><\/div>\n\n\n\n<p class=\"has-text-align-center\"><strong>Le frelon Asiatique&nbsp;<\/strong><\/p>\n\n\n\n<div class=\"wp-block-columns is-layout-flex wp-container-core-columns-is-layout-9d6595d7 wp-block-columns-is-layout-flex\">\n<div class=\"wp-block-column is-layout-flow wp-block-column-is-layout-flow\" style=\"flex-basis:66.66%\">\n<figure class=\"wp-block-image size-large\"><img loading=\"lazy\" decoding=\"async\" width=\"725\" height=\"1024\" src=\"https:\/\/seyssel74.com\/wp-content\/uploads\/2022\/09\/affiche-regionale-frelon-asiatique-2021-725x1024.jpg\" alt=\"\" class=\"wp-image-10139\" srcset=\"https:\/\/seyssel74.com\/wp-content\/uploads\/2022\/09\/affiche-regionale-frelon-asiatique-2021-725x1024.jpg 725w, https:\/\/seyssel74.com\/wp-content\/uploads\/2022\/09\/affiche-regionale-frelon-asiatique-2021-212x300.jpg 212w, https:\/\/seyssel74.com\/wp-content\/uploads\/2022\/09\/affiche-regionale-frelon-asiatique-2021-768x1085.jpg 768w, https:\/\/seyssel74.com\/wp-content\/uploads\/2022\/09\/affiche-regionale-frelon-asiatique-2021-1087x1536.jpg 1087w, https:\/\/seyssel74.com\/wp-content\/uploads\/2022\/09\/affiche-regionale-frelon-asiatique-2021-1449x2048.jpg 1449w, https:\/\/seyssel74.com\/wp-content\/uploads\/2022\/09\/affiche-regionale-frelon-asiatique-2021-scaled.jpg 1811w\" sizes=\"auto, (max-width: 725px) 100vw, 725px\" \/><\/figure>\n<\/div>\n\n\n\n<div class=\"wp-block-column is-layout-flow wp-block-column-is-layout-flow\" style=\"flex-basis:33.33%\">\n<p>Documents utiles :<\/p>\n\n\n\n<div class=\"wp-block-file\"><a id=\"wp-block-file--media-a2cc91d8-8d1f-42d7-91d0-be021a374cd3\" href=\"https:\/\/seyssel74.com\/wp-content\/uploads\/2022\/09\/la-lutte-contre-le-frelon-asiatique-article-supports-de-com-1.pdf\">la lutte contre le frelon asiatique<\/a><a href=\"https:\/\/seyssel74.com\/wp-content\/uploads\/2022\/09\/la-lutte-contre-le-frelon-asiatique-article-supports-de-com-1.pdf\" class=\"wp-block-file__button wp-element-button\" download aria-describedby=\"wp-block-file--media-a2cc91d8-8d1f-42d7-91d0-be021a374cd3\">T\u00e9l\u00e9charger<\/a><\/div>\n\n\n\n<div class=\"wp-block-file\"><a id=\"wp-block-file--media-fb24086f-57e4-4cd3-97a7-d46bc689d794\" href=\"https:\/\/seyssel74.com\/wp-content\/uploads\/2022\/09\/flyer-signalez-le-frelon-asiatique-2021.pdf\">signalez le frelon asiatique<\/a><a href=\"https:\/\/seyssel74.com\/wp-content\/uploads\/2022\/09\/flyer-signalez-le-frelon-asiatique-2021.pdf\" class=\"wp-block-file__button wp-element-button\" download aria-describedby=\"wp-block-file--media-fb24086f-57e4-4cd3-97a7-d46bc689d794\">T\u00e9l\u00e9charger<\/a><\/div>\n\n\n\n<p><\/p>\n\n\n\n<p>Conseils afin de reconnaitre et signalez la pr\u00e9sence de nids de frelons asiatiques, esp\u00e8ce invasive et nuisible pour la biodiversit\u00e9 locale.<br><\/p>\n\n\n\n<figure class=\"wp-block-image size-full\"><img loading=\"lazy\" decoding=\"async\" width=\"650\" height=\"941\" src=\"https:\/\/seyssel74.com\/wp-content\/uploads\/2023\/07\/Signalement-Frelon-Asiatique.jpg\" alt=\"\" class=\"wp-image-14218\" srcset=\"https:\/\/seyssel74.com\/wp-content\/uploads\/2023\/07\/Signalement-Frelon-Asiatique.jpg 650w, https:\/\/seyssel74.com\/wp-content\/uploads\/2023\/07\/Signalement-Frelon-Asiatique-207x300.jpg 207w\" sizes=\"auto, (max-width: 650px) 100vw, 650px\" \/><\/figure>\n<\/div>\n<\/div>\n\n\n\n<p class=\"has-text-align-center\"><strong>Grippe aviaire<\/strong><\/p>\n\n\n\n<div class=\"wp-block-columns is-layout-flex wp-container-core-columns-is-layout-9d6595d7 wp-block-columns-is-layout-flex\">\n<div class=\"wp-block-column is-layout-flow wp-block-column-is-layout-flow\">\n<div data-wp-interactive=\"core\/file\" class=\"wp-block-file\"><object data-wp-bind--hidden=\"!state.hasPdfPreview\" hidden class=\"wp-block-file__embed\" data=\"https:\/\/seyssel74.com\/wp-content\/uploads\/2022\/10\/Communique-de-presse.pdf\" type=\"application\/pdf\" style=\"width:100%;height:600px\" aria-label=\"Contenu embarqu\u00e9 Communique de presse.\"><\/object><a id=\"wp-block-file--media-30bedad3-15a1-4f17-802d-098b98cfbbf4\" href=\"https:\/\/seyssel74.com\/wp-content\/uploads\/2022\/10\/Communique-de-presse.pdf\">Communique de presse<\/a><a href=\"https:\/\/seyssel74.com\/wp-content\/uploads\/2022\/10\/Communique-de-presse.pdf\" class=\"wp-block-file__button wp-element-button\" download aria-describedby=\"wp-block-file--media-30bedad3-15a1-4f17-802d-098b98cfbbf4\">T\u00e9l\u00e9charger<\/a><\/div>\n<\/div>\n\n\n\n<div class=\"wp-block-column is-layout-flow wp-block-column-is-layout-flow\">\n<figure class=\"wp-block-image size-large\"><img loading=\"lazy\" decoding=\"async\" width=\"1449\" height=\"1024\" src=\"https:\/\/seyssel74.com\/wp-content\/uploads\/2022\/10\/Carte-geographique-1449x1024.jpg\" alt=\"\" class=\"wp-image-10405\" srcset=\"https:\/\/seyssel74.com\/wp-content\/uploads\/2022\/10\/Carte-geographique-1449x1024.jpg 1449w, https:\/\/seyssel74.com\/wp-content\/uploads\/2022\/10\/Carte-geographique-300x212.jpg 300w, https:\/\/seyssel74.com\/wp-content\/uploads\/2022\/10\/Carte-geographique-768x543.jpg 768w, https:\/\/seyssel74.com\/wp-content\/uploads\/2022\/10\/Carte-geographique-1536x1085.jpg 1536w, https:\/\/seyssel74.com\/wp-content\/uploads\/2022\/10\/Carte-geographique-2048x1447.jpg 2048w\" sizes=\"auto, (max-width: 1449px) 100vw, 1449px\" \/><\/figure>\n<\/div>\n\n\n\n<div class=\"wp-block-column is-layout-flow wp-block-column-is-layout-flow\">\n<p>Documents utiles :<\/p>\n\n\n\n<div class=\"wp-block-file\"><a id=\"wp-block-file--media-b663bce7-a3f0-4583-9cf1-190b198291ae\" href=\"https:\/\/seyssel74.com\/wp-content\/uploads\/2022\/10\/Fiche-anses.pdf\">Fiche anses<\/a><a href=\"https:\/\/seyssel74.com\/wp-content\/uploads\/2022\/10\/Fiche-anses.pdf\" class=\"wp-block-file__button wp-element-button\" download aria-describedby=\"wp-block-file--media-b663bce7-a3f0-4583-9cf1-190b198291ae\">T\u00e9l\u00e9charger<\/a><\/div>\n\n\n\n<div class=\"wp-block-file\"><a id=\"wp-block-file--media-9f74bcd1-d011-4cf2-a142-703214e4e289\" href=\"https:\/\/seyssel74.com\/wp-content\/uploads\/2022\/10\/Liste-communes-en-ZRP-Haute-Savoie.doc\">Liste communes en ZRP Haute-Savoie<\/a><a href=\"https:\/\/seyssel74.com\/wp-content\/uploads\/2022\/10\/Liste-communes-en-ZRP-Haute-Savoie.doc\" class=\"wp-block-file__button wp-element-button\" download aria-describedby=\"wp-block-file--media-9f74bcd1-d011-4cf2-a142-703214e4e289\">T\u00e9l\u00e9charger<\/a><\/div>\n<\/div>\n<\/div>\n\n\n\n<p class=\"has-text-align-center\"><strong>Moustique-Tigre<\/strong><\/p>\n\n\n\n<p>Pr\u00e9sent depuis 2012 en Auvergne-Rh\u00f4ne-Alpes, le moustique-tigre s&rsquo;est install\u00e9 progressivement dans les douze d\u00e9partements de la r\u00e9gion. Ce sont aujourd&rsquo;hui&nbsp;<strong>66 % des habitants de notre r\u00e9gion qui sont impact\u00e9s<\/strong>.<\/p>\n\n\n\n<p>Aedes albopictus, dit \u00ab&nbsp;moustique-tigre&nbsp;\u00bb, est une&nbsp;<strong>esp\u00e8ce invasive particuli\u00e8rement nuisible pour l&rsquo;homme<\/strong>&nbsp;qui r\u00e9apparait chaque printemps et se d\u00e9veloppe jusqu&rsquo;\u00e0 l&rsquo;automne. Tr\u00e8s petit, vif, ray\u00e9 noir et blanc, silencieux, il pique essentiellement le jour entre mai et novembre. Sa piq\u00fbre est douloureuse et sa pr\u00e9sence tellement oppressante qu&rsquo;elle finit par dissuader les habitants de profiter de leur ext\u00e9rieur.<\/p>\n\n\n\n<p>Le moustique-tigre peut \u00e9galement v\u00e9hiculer certaines maladies&nbsp;: dengue, chikungunya, Zika. En effet, ce dernier peut v\u00e9hiculer une de ces maladies en piquant une personne contamin\u00e9e revenant d&rsquo;un voyage dans les zones tropicales o\u00f9 circulent ces virus. Il peut ensuite transmettre le virus en piquant une autre personne.<\/p>\n\n\n\n<p>Les comp\u00e9tences des maires, des pr\u00e9sidents de D\u00e9partement qui souhaitent prendre la comp\u00e9tence en mati\u00e8re de lutte contre les moustiques, et de la m\u00e9tropole de Lyon, sont compl\u00e9mentaires des missions de lutte antivectorielle confi\u00e9es aux pr\u00e9fets et \u00e0 l&rsquo;ARS. Tous ces acteurs ont pour&nbsp;<strong>objectif commun de limiter la pr\u00e9sence du moustique-tigre<\/strong>.<\/p>\n\n\n\n<p>C&rsquo;est pourquoi l&rsquo;ARS, la majorit\u00e9 des conseils d\u00e9partementaux et la m\u00e9tropole de Lyon s&rsquo;impliquent depuis 2022 dans l&rsquo;animation d&rsquo;un&nbsp;<strong>dispositif de mobilisation sociale<\/strong>&nbsp;afin d&rsquo;inciter chaque habitant et collectivit\u00e9 \u00e0 mettre en \u0153uvre les bonnes pratiques de destruction des gites larvaires du moustique-tigre. Notre objectif est de limiter l&rsquo;extension de l&rsquo;aire d&rsquo;implantation du moustique-tigre et, dans les zones o\u00f9 il est d\u00e9j\u00e0 pr\u00e9sent, de limiter sa nuisance.<\/p>\n\n\n\n<p>Nous mettons \u00e0 votre disposition :<\/p>\n\n\n\n<p>\u00b7&nbsp;&nbsp;&nbsp;&nbsp;&nbsp;&nbsp;&nbsp;&nbsp;&nbsp;<strong>Des ressources et des outils pour agir sur votre territoire<\/strong>, sensibiliser et impliquer la population : affiche, flyer, mod\u00e8les type de page internet, mod\u00e8les type d&rsquo;articles de communication&#8230; Ils sont disponibles sous :&nbsp;<a href=\"https:\/\/r.mailingsib3.fredon-aura.fr\/mk\/cl\/f\/17It2g6JwIL3yj2UZcBwgWQ0HKJH-p63GxAIPLJItELD7hGBr_v1_1jEoLwxADKyInTFh3u-8498GAwlwdKjPP7-pXkCI3Dw8XdYOCk721ICxUkCrZMgN1zo23yTvv0yUZKQUPH_HRxDTzY0iC_ukGPx7pvxXofI5qaQ0Tx1310rR3erTX7kKo3aHPJNYrPkfdoYUTK_hQ1HGR977_yjiAwq6vXLEyHtIc_-NypnMBWSQ7diSZMx4OdjsT3pRqiDT3i5o8wpCbu7TMOxGYuEdGbYZiz9dNPg7H6xG91aTXVt8VqmJuUbfoi-ewCQ1RuF93E4rnLfBS15NOq-MY4CcUpJwZFDryrOd7h4ZjydsWLS76EpFqcboLbP-EBsnu8C0g\" target=\"_blank\" rel=\"noreferrer noopener\">https:\/\/agirmoustique.fr\/<\/a>&nbsp;(Ce lien renvoie provisoirement vers le site de l&rsquo;ARS). Cette boite \u00e0 outil \u00e0 disposition des collectivit\u00e9s sera \u00e9toff\u00e9e r\u00e9guli\u00e8rement.<\/p>\n\n\n\n<p>\u00b7&nbsp;&nbsp;&nbsp;&nbsp;&nbsp;&nbsp;&nbsp;&nbsp;&nbsp;Le&nbsp;<strong>site internet&nbsp;<\/strong><a rel=\"noreferrer noopener\" href=\"https:\/\/r.mailingsib3.fredon-aura.fr\/mk\/cl\/f\/Eqa1bx-hC-UTdtaTuIepSXlKm_1PKaFWmdl_cTDHmzcZA84LhgAgyMjp7MRX4A-uFmikklPLk27IzBWd7n_XOHpRTozbB7DTx6SXn45KlfytlDEyju4kRj8Pw3akFgoURtYgHFxNcjsBvjgFTXEW33q4Pqowaitczp9gYstFXXEfXO5mG8pXyqRwmmXrukIQbXjNjRnHa9uos8snZXgi__aNHOAvvg-lxrWYVGYqwAPZCkK4wu7LktwkD8KU3HQzmMxjq91RQndQAczejXfu_i5r0wW9L2gb7YPcS7jCaquNlQZixKnjRx0XzWrQ2_3OKtN6BqY5RFvFgnZNfMWrBvsovzjioKOzYtuZ0lVDfIXPpHK0PPoHWMEZM8GO\" target=\"_blank\"><strong>AgirMoustique.fr<\/strong><\/a>&nbsp;deviendra, en juin, le support d\u00e9finitif pour ces documents. Ce site permettra le partage des supports, mais \u00e9galement des exp\u00e9riences au niveau r\u00e9gional pour obtenir une synergie et augmenter l&rsquo;impact des actions men\u00e9es individuellement.<\/p>\n\n\n\n<p><a href=\"https:\/\/www.auvergne-rhone-alpes.ars.sante.fr\/moustique-tigre-agissons-ensemble\">https:\/\/www.auvergne-rhone-alpes.ars.sante.fr\/moustique-tigre-agissons-ensemble<\/a><br><a href=\"https:\/\/www.eid-rhonealpes.com\/\">https:\/\/www.eid-rhonealpes.com\/<\/a><br><a href=\"https:\/\/signalement-moustique.anses.fr\/signalement_albopictus\/\">https:\/\/signalement-moustique.anses.fr\/signalement_albopictus\/<\/a><br><a href=\"https:\/\/moustigre.org\/la-lutte\/\">https:\/\/moustigre.org\/la-lutte\/<\/a><\/p>\n\n\n\n<figure class=\"wp-block-image size-full\"><img loading=\"lazy\" decoding=\"async\" width=\"700\" height=\"955\" src=\"https:\/\/seyssel74.com\/wp-content\/uploads\/2023\/08\/Lutte-moustique-tigre.jpg\" alt=\"\" class=\"wp-image-14425\" srcset=\"https:\/\/seyssel74.com\/wp-content\/uploads\/2023\/08\/Lutte-moustique-tigre.jpg 700w, https:\/\/seyssel74.com\/wp-content\/uploads\/2023\/08\/Lutte-moustique-tigre-220x300.jpg 220w\" sizes=\"auto, (max-width: 700px) 100vw, 700px\" \/><\/figure>\n\n\n\n<p class=\"has-text-align-center\"><strong>APICULTURE<\/strong><\/p>\n\n\n\n<p>La d\u00e9claration de ruches est une obligation annuelle pour tout d\u00e9tenteur de colonies d\u2019abeilles, d\u00e8s la premi\u00e8re ruche d\u00e9tenue<br>Elle doit \u00eatre r\u00e9alis\u00e9e chaque ann\u00e9e :<br>\ud83d\udcc6 entre le 1er septembre et le 31 d\u00e9cembre,<br>\u27a1\ufe0f sur le site : <a href=\"https:\/\/agriculture-portail.6tzen.fr\/default\/requests\/Cerfa13995\/\">https:\/\/agriculture-portail.6tzen.fr\/default\/requests\/Cerfa13995\/<\/a><br>ou si vous ne disposez pas d&rsquo;internet par voie postale avec cette ann\u00e9e un nouveau CERFA N\u00b0139995*05 \u00e0 envoyer \u00e0 la nouvelle adresse indiqu\u00e9e sur le CERFA.<\/p>\n\n\n\n<div data-wp-interactive=\"core\/file\" class=\"wp-block-file\"><object data-wp-bind--hidden=\"!state.hasPdfPreview\" hidden class=\"wp-block-file__embed\" data=\"https:\/\/seyssel74.com\/wp-content\/uploads\/2023\/09\/Plaquette_Declarer_une_ruche1.pdf\" type=\"application\/pdf\" style=\"width:100%;height:600px\" aria-label=\"Contenu embarqu\u00e9 Plaquette_Declarer_une_ruche(1).\"><\/object><a id=\"wp-block-file--media-dce2d920-8c45-47d2-b9d4-0b080ddbb03d\" href=\"https:\/\/seyssel74.com\/wp-content\/uploads\/2023\/09\/Plaquette_Declarer_une_ruche1.pdf\">Plaquette_Declarer_une_ruche(1)<\/a><a href=\"https:\/\/seyssel74.com\/wp-content\/uploads\/2023\/09\/Plaquette_Declarer_une_ruche1.pdf\" class=\"wp-block-file__button wp-element-button\" download aria-describedby=\"wp-block-file--media-dce2d920-8c45-47d2-b9d4-0b080ddbb03d\">T\u00e9l\u00e9charger<\/a><\/div>\n\n\n\n<p><\/p>\n\n\n\n<p class=\"has-text-align-center\"><strong>Peut-on promener son chien sans laisse ?<\/strong><\/p>\n\n\n\n<p>La divagation des chiens et des chats est interdite.<\/p>\n\n\n\n<p>Lien utile : <a href=\"https:\/\/www.service-public.fr\/particuliers\/vosdroits\/F35062#:~:text=Un%20chien%20de%202e,et%20les%20transports%20en%20commun.&amp;text=un%20mineur%20ne%20peut%20pas,chien%20susceptible%20d'%C3%AAtre%20dangereux\">https:\/\/www.service-public.fr\/<\/a><\/p>\n","protected":false},"excerpt":{"rendered":"<p>\ud83c\udfe1 &gt;&nbsp;Administration &gt; Animaux I-CAD Sous d\u00e9l\u00e9gation du Minist\u00e8re de l&rsquo;Agriculture et de l&rsquo;Alimentation, la soci\u00e9t\u00e9 I-CAD a pour mission la gestion du Fichier National d&rsquo;Identification des Carnivores Domestiques en France.Cr\u00e9\u00e9e en 2012, la soci\u00e9t\u00e9 I-CAD est co-dirig\u00e9e par la Soci\u00e9t\u00e9 Centrale Canine (SCC) et le Syndicat National des V\u00e9t\u00e9rinaires d&rsquo;Exercice Lib\u00e9ral (SNVEL). L&rsquo;identification est [&hellip;]<\/p>\n","protected":false},"author":1,"featured_media":0,"parent":621,"menu_order":10,"comment_status":"closed","ping_status":"closed","template":"","meta":{"ocean_post_layout":"","ocean_both_sidebars_style":"","ocean_both_sidebars_content_width":0,"ocean_both_sidebars_sidebars_width":0,"ocean_sidebar":"0","ocean_second_sidebar":"0","ocean_disable_margins":"enable","ocean_add_body_class":"","ocean_shortcode_before_top_bar":"","ocean_shortcode_after_top_bar":"","ocean_shortcode_before_header":"","ocean_shortcode_after_header":"","ocean_has_shortcode":"","ocean_shortcode_after_title":"","ocean_shortcode_before_footer_widgets":"","ocean_shortcode_after_footer_widgets":"","ocean_shortcode_before_footer_bottom":"","ocean_shortcode_after_footer_bottom":"","ocean_display_top_bar":"default","ocean_display_header":"default","ocean_header_style":"","ocean_center_header_left_menu":"0","ocean_custom_header_template":"0","ocean_custom_logo":0,"ocean_custom_retina_logo":0,"ocean_custom_logo_max_width":0,"ocean_custom_logo_tablet_max_width":0,"ocean_custom_logo_mobile_max_width":0,"ocean_custom_logo_max_height":0,"ocean_custom_logo_tablet_max_height":0,"ocean_custom_logo_mobile_max_height":0,"ocean_header_custom_menu":"0","ocean_menu_typo_font_family":"0","ocean_menu_typo_font_subset":"","ocean_menu_typo_font_size":0,"ocean_menu_typo_font_size_tablet":0,"ocean_menu_typo_font_size_mobile":0,"ocean_menu_typo_font_size_unit":"px","ocean_menu_typo_font_weight":"","ocean_menu_typo_font_weight_tablet":"","ocean_menu_typo_font_weight_mobile":"","ocean_menu_typo_transform":"","ocean_menu_typo_transform_tablet":"","ocean_menu_typo_transform_mobile":"","ocean_menu_typo_line_height":0,"ocean_menu_typo_line_height_tablet":0,"ocean_menu_typo_line_height_mobile":0,"ocean_menu_typo_line_height_unit":"","ocean_menu_typo_spacing":0,"ocean_menu_typo_spacing_tablet":0,"ocean_menu_typo_spacing_mobile":0,"ocean_menu_typo_spacing_unit":"","ocean_menu_link_color":"","ocean_menu_link_color_hover":"","ocean_menu_link_color_active":"","ocean_menu_link_background":"","ocean_menu_link_hover_background":"","ocean_menu_link_active_background":"","ocean_menu_social_links_bg":"","ocean_menu_social_hover_links_bg":"","ocean_menu_social_links_color":"","ocean_menu_social_hover_links_color":"","ocean_disable_title":"default","ocean_disable_heading":"default","ocean_post_title":"","ocean_post_subheading":"","ocean_post_title_style":"","ocean_post_title_background_color":"","ocean_post_title_background":0,"ocean_post_title_bg_image_position":"","ocean_post_title_bg_image_attachment":"","ocean_post_title_bg_image_repeat":"","ocean_post_title_bg_image_size":"","ocean_post_title_height":0,"ocean_post_title_bg_overlay":0.5,"ocean_post_title_bg_overlay_color":"","ocean_disable_breadcrumbs":"default","ocean_breadcrumbs_color":"","ocean_breadcrumbs_separator_color":"","ocean_breadcrumbs_links_color":"","ocean_breadcrumbs_links_hover_color":"","ocean_display_footer_widgets":"default","ocean_display_footer_bottom":"default","ocean_custom_footer_template":"0","ofc_meta_disable_footer_callout":"","ofc_meta_callout_button_url":"","ofc_meta_callout_button_txt":"","ofc_meta_callout_text":"","ofc_enable_fullscreen":"disable","ofc_fullscreen_speed":0,"ofc_fullscreen_nav":"enable","ofc_fullscreen_nav_pos":"right","ofc_fullscreen_nav_color":"","ofc_fullscreen_nav_tooltip_color":"","ofc_fullscreen_responsive":0,"osp_disable_panel":"default","osh_disable_topbar_sticky":"default","osh_disable_header_sticky":"default","osh_sticky_header_style":"default","osh_sticky_header_effect":"","osh_custom_sticky_logo":0,"osh_custom_retina_sticky_logo":0,"osh_custom_sticky_logo_height":0,"osh_background_color":"","osh_links_color":"","osh_links_hover_color":"","osh_links_active_color":"","osh_links_bg_color":"","osh_links_hover_bg_color":"","osh_links_active_bg_color":"","osh_menu_social_links_color":"","osh_menu_social_hover_links_color":"","footnotes":""},"class_list":["post-1394","page","type-page","status-publish","hentry","entry"],"_links":{"self":[{"href":"https:\/\/seyssel74.com\/index.php\/wp-json\/wp\/v2\/pages\/1394","targetHints":{"allow":["GET"]}}],"collection":[{"href":"https:\/\/seyssel74.com\/index.php\/wp-json\/wp\/v2\/pages"}],"about":[{"href":"https:\/\/seyssel74.com\/index.php\/wp-json\/wp\/v2\/types\/page"}],"author":[{"embeddable":true,"href":"https:\/\/seyssel74.com\/index.php\/wp-json\/wp\/v2\/users\/1"}],"replies":[{"embeddable":true,"href":"https:\/\/seyssel74.com\/index.php\/wp-json\/wp\/v2\/comments?post=1394"}],"version-history":[{"count":39,"href":"https:\/\/seyssel74.com\/index.php\/wp-json\/wp\/v2\/pages\/1394\/revisions"}],"predecessor-version":[{"id":17006,"href":"https:\/\/seyssel74.com\/index.php\/wp-json\/wp\/v2\/pages\/1394\/revisions\/17006"}],"up":[{"embeddable":true,"href":"https:\/\/seyssel74.com\/index.php\/wp-json\/wp\/v2\/pages\/621"}],"wp:attachment":[{"href":"https:\/\/seyssel74.com\/index.php\/wp-json\/wp\/v2\/media?parent=1394"}],"curies":[{"name":"wp","href":"https:\/\/api.w.org\/{rel}","templated":true}]}}